{"id":3768,"date":"2020-09-16T10:23:55","date_gmt":"2020-09-16T07:23:55","guid":{"rendered":"http:\/\/www.kukakuunteleekoyhaa.fi\/wordpress\/?page_id=3768"},"modified":"2021-08-16T11:35:58","modified_gmt":"2021-08-16T08:35:58","slug":"helsinki","status":"publish","type":"page","link":"https:\/\/www.kukakuunteleekoyhaa.fi\/wordpress\/helsinki\/","title":{"rendered":"Helsinki"},"content":{"rendered":"\n<p><\/p>\n\n\n\n<h2>Kuunteleeko kuntap\u00e4\u00e4tt\u00e4j\u00e4 k\u00f6yh\u00e4\u00e4? Teemaviikon JATKOT<\/h2>\n\n\n\n<h3>Perjantaina 4.6.2021 kello 10-12 <\/h3>\n\n\n\n<h4>Kuunteleeko kuntap\u00e4\u00e4tt\u00e4j\u00e4 k\u00f6yhtyv\u00e4\u00e4 omaishoitajaa?<\/h4>\n\n\n\n<p>Tervetuloa keskustelemaan omaishoitajien n\u00e4kemyksist\u00e4 kuntavaalien alla. Mukana keskustelussa omaishoitajia ja kuntavaaliehdokkaita.<\/p>\n\n\n\n<p><a href=\"https:\/\/teams.microsoft.com\/l\/meetup-join\/19%3ameeting_MjFkM2RlZWYtNzY4Ny00YmJmLTg3OTQtNWIzNjEwNjRhODg0%40thread.v2\/0?context=%7b%22Tid%22%3a%2242d93f55-9d30-4958-8c5d-4d0e81ff9827%22%2c%22Oid%22%3a%226ded2d90-c7d0-4db7-b777-b0f36a1e9d16%22%7d\" target=\"_blank\" rel=\"noreferrer noopener\">Liity kokoukseen napsauttamalla t\u00e4t\u00e4<\/a><\/p>\n\n\n\n<p>J\u00e4rjest\u00e4j\u00e4t: Kuka kuuntelee k\u00f6yh\u00e4\u00e4? -verkosto yhdess\u00e4 Omaishoitajaliiton kanssa<\/p>\n\n\n\n<p>Tiedustelut: Arja Tyynel\u00e4 p. 040&nbsp;524 7537<\/p>\n\n\n\n<div class=\"wp-block-file\"><a href=\"https:\/\/www.kukakuunteleekoyhaa.fi\/wordpress\/wp-content\/uploads\/2021\/06\/omaishoitajat-kutsu-4.6.202116796.doc\">omaishoitajat kutsu 4.6.2021<\/a><a href=\"https:\/\/www.kukakuunteleekoyhaa.fi\/wordpress\/wp-content\/uploads\/2021\/06\/omaishoitajat-kutsu-4.6.202116796.doc\" class=\"wp-block-file__button\" download>Download<\/a><\/div>\n\n\n\n<p> <\/p>\n\n\n\n<h3>Torstaina 20.5.2021 Asunnottomuusyhteisty\u00f6 kello 11-13<\/h3>\n\n\n\n<h4>Kuunteleeko kuntap\u00e4\u00e4tt\u00e4j\u00e4 turvaverkkojen ulkopuolella olevaa asunnotonta?<\/h4>\n\n\n\n<p>Asunnottomuuden hoito on pilkottu monen usean eri lain alle, kuten kotoutus-, vammais-, mielenterveys- tai p\u00e4ihdehuoltolain alle. Jos ihminen ei kuulu mihink\u00e4\u00e4n voi h\u00e4n j\u00e4\u00e4d\u00e4 ilman turvaverkkoa. Tilanteita voivat olla avioero, omaishoito, l\u00e4heisen kuolema, Suomeen paluumuutto, valmistuminen, sairastuminen tai vuokrasopimuksen irtisanominen itsest\u00e4 riippumattomista syist\u00e4.<\/p>\n\n\n\n<p>Henkil\u00f6 voi joutua todellakin palvelupolkujen runtelemaksi, sosiaalitoimi yleens\u00e4 hakee helppoa ratkaisua mielenterveys- tai p\u00e4ihdepalveluista. Asunnottomaksi j\u00e4\u00e4minen on traumaattinen stressitilanne ja voi pitkitty\u00e4. Jo asunnottomuuden uhka tuntuu pitk\u00e4\u00e4n ihmisess\u00e4.<\/p>\n\n\n\n<p>Kuntavaalikeskustelussa ovat erikoisasiantuntijoina asunnottomuuden kokeneet Mika Turusta ja Tarja Tampereelta.<\/p>\n\n\n\n<p> <a rel=\"noreferrer noopener\" href=\"https:\/\/teams.microsoft.com\/l\/meetup-join\/19%3ameeting_NGE1YjY4ZjYtN2FiMi00NThmLWFhZjYtOWE0NzQ2NDI0NTBj%40thread.v2\/0?context=%7b%22Tid%22%3a%2242d93f55-9d30-4958-8c5d-4d0e81ff9827%22%2c%22Oid%22%3a%226ded2d90-c7d0-4db7-b777-b0f36a1e9d16%22%7d\" target=\"_blank\">Liity kokoukseen napsauttamalla t\u00e4t\u00e4<\/a><\/p>\n\n\n\n<p>Tilaisuudessa haetaan ratkaisuja, ei mietit\u00e4 tehtyj\u00e4 virheit\u00e4 asunnottomuusongelman ratkaisuun ihmisilt\u00e4, jotka joutuvat ilman sairausdiagnoosia asunnottomiksi. Pohditaan opiskelujen loppumiseen liittyv\u00e4\u00e4 asunnottomuutta. Puhutaan Tampereen Hipposkyl\u00e4n ja Helsingin Junailijankujan asuntojen purkamisesta ja miten esim. kaavoitus vaikuttaa asunnottomaksi j\u00e4\u00e4miseen. Tilaisuus on valtakunnallinen, ei vain Helsinki, koska erikoisasiantuntijat ovat Turusta ja Tampereelta.<\/p>\n\n\n\n<p>Tilaisuuden juontaa v\u00e4it\u00f6skirjatutkija ja  asunnottomuuden kokenut kuntavaaliehdokas Juha Hyrk\u00e4s <\/p>\n\n\n\n<p><strong>Tilaisuuden j\u00e4rjest\u00e4\u00e4 Kuka kuuntelee k\u00f6yh\u00e4\u00e4? -verkosto<\/strong><\/p>\n\n\n\n<div class=\"wp-block-file\"><a href=\"https:\/\/www.kukakuunteleekoyhaa.fi\/wordpress\/wp-content\/uploads\/2021\/08\/3K-Muistio-Kuunteleeko-kuntapaattaja-turvaverkon-ulkopuolella-olevaa-asunnotonta-20.5.-2021-ae-at.doc\">3K Muistio:  Kuunteleeko kuntap\u00e4\u00e4tt\u00e4j\u00e4 turvaverkon ulkopuolella olevaa asunnotonta 20.5. 2021 <\/a><a href=\"https:\/\/www.kukakuunteleekoyhaa.fi\/wordpress\/wp-content\/uploads\/2021\/08\/3K-Muistio-Kuunteleeko-kuntapaattaja-turvaverkon-ulkopuolella-olevaa-asunnotonta-20.5.-2021-ae-at.doc\" class=\"wp-block-file__button\" download>Download<\/a><\/div>\n\n\n\n<h3>Perjantaina 21.5.2021 Sateenkaarik\u00f6yhyys kello 10-12<\/h3>\n\n\n\n<h5>Kuunteleeko kuntap\u00e4\u00e4tt\u00e4j\u00e4 sateenkaarevaa k\u00f6yh\u00e4\u00e4?<\/h5>\n\n\n\n<p>Kuuluminen v\u00e4hemmist\u00f6\u00f6n altistaa syrjinn\u00e4lle. Ilman tukipilareita sateenkaarihenkil\u00f6 voi joutua kokemaan k\u00f6yhytt\u00e4, ja siten joutua kaikkien turvaverkkojen ulkopuolelle. Moni kohtaa v\u00e4kivaltaa, niin psyykkist\u00e4, seksuaalista kuin fyysist\u00e4kin. Suomessa koetaan my\u00f6s enemm\u00e4n sateenkaariasunnottomuutta kuin muualla Euroopassa.<\/p>\n\n\n\n<p>Erikoisasiantuntijat ovat keski\u00f6ss\u00e4 t\u00e4ss\u00e4 keskustelussa, miss\u00e4 kerrotaan omakohtaisista kokemuksista. Sateenkaarihenkil\u00f6t kertovat, kuinka syrjint\u00e4 on johtanut k\u00f6yhyyteen.<\/p>\n\n\n\n<p> <a rel=\"noreferrer noopener\" href=\"https:\/\/teams.microsoft.com\/l\/meetup-join\/19%3ameeting_MWMwMzBhNmQtYjYxMS00YTAzLWJiMTQtMTVmOTJjY2UwOTgw%40thread.v2\/0?context=%7b%22Tid%22%3a%22e610b751-b9a0-42f0-ae2f-45f66e3c6106%22%2c%22Oid%22%3a%221a36d5f9-7718-420b-8a2f-6aae00ec7d5c%22%7d\" target=\"_blank\">Liity kokoukseen napsauttamalla t\u00e4t\u00e4<\/a><\/p>\n\n\n\n<p><\/p>\n\n\n\n<p>Tilaisuuden juontavat:  Sari Rantaniemi, Helsingin Diakonissalaitos ja Juha Hyrk\u00e4s,  v\u00e4it\u00f6skirjatutkija ja asunnottomuuden kokenut kuntavaaliehdokas <\/p>\n\n\n\n<p> Lis\u00e4tietoja:  <a href=\"mailto:juha.hyrkas@protonmail.com\">juha.hyrkas@protonmail.com<\/a><\/p>\n\n\n\n<p><strong>Tilaisuuden j\u00e4rjest\u00e4\u00e4 Helsingin Diakonissalaitos ja  Kuka kuuntelee k\u00f6yh\u00e4\u00e4? -verkosto<\/strong><\/p>\n\n\n\n<h2>Kuunteleeko kuntap\u00e4\u00e4tt\u00e4j\u00e4 k\u00f6yh\u00e4\u00e4? -teemaviikko 15.-19.3.2021<\/h2>\n\n\n\n<h4>L\u00e4nnen Aikuissosiaality\u00f6 j\u00e4rjest\u00e4\u00e4 tapahtumaviikolla suljetun keskustelun Helsingin kaupungin asiakasraadin kanssa. Keskustelusta tuotettu teksti tulee my\u00f6hemmin avoimeen jakeluun.<\/h4>\n\n\n\n<p><\/p>\n\n\n\n<h3>KUKA KUUNTELEE 21.9.2020 LEIP\u00c4JONOJEN K\u00d6YH\u00c4\u00c4?<\/h3>\n\n\n\n<h4>Aika: maanantai 21.9.2020<br>klo 15-17<br>Paikka: Myllypuron kirkko, Neulapadontie 12, 00920 Helsinki<\/h4>\n\n\n\n<h4>Teams linkki jos osallistut et\u00e4n\u00e4:<\/h4>\n\n\n\n<h3><a href=\"https:\/\/www.facebook.com\/groups\/127526893678\/permalink\/10158885838628679\/\">https:\/\/www.facebook.com\/groups\/127526893678\/permalink\/10158885838628679\/?sfnsn=mo&amp;extid=kBJwVfKu3KdDdnVL<\/a><\/h3>\n\n\n\n<h4>TARVITAANKO RUOKA-APUA?<br>Kuka Kuuntelee K\u00f6yh\u00e4\u00e4? -paneelikeskustelu<\/h4>\n\n\n\n<h4>Ohjelma<\/h4>\n\n\n\n<h4>Avaus Markku Rautiainen, Herttoniemen srk<\/h4>\n\n\n\n<h4>Tilaisuuden juontaa Leena Valkonen, Ty\u00f6tt\u00f6mien Keskusj\u00e4rjest\u00f6 ry<\/h4>\n\n\n\n<h4>Viestej\u00e4 \/ puheenvuoroja p\u00e4\u00e4tt\u00e4jille<\/h4>\n\n\n\n<h4>Panelistit<br>Leena Luhtasela, nuorten palvelujen ja aikuissosiaality\u00f6n johtaja, Helsingin kaupunki<\/h4>\n\n\n\n<h4> Anni Hein\u00e4l\u00e4, Helsingin kaupunki<\/h4>\n\n\n\n<h4>Petra Malin (et\u00e4yhteydell\u00e4) Sosiaality\u00f6ntekij\u00e4 ja v\u00e4it\u00f6skirjatutkija<\/h4>\n\n\n\n<h4>V\u00e4lipuheenvuoroja \/tarina\/tarvittaessa tauko<\/h4>\n\n\n\n<h4>\u201dLukuja t\u00e4m\u00e4n p\u00e4iv\u00e4n ruoka-avusta Suomessa\u201d lukuja esittelee Reetta Nick, Ruoka-apu.fi<\/h4>\n\n\n\n<h4>Kuka kuuntelee k\u00f6yh\u00e4\u00e4- paneeli jatkuu<\/h4>\n\n\n\n<h4>Yhteenvetopuheenvuoro Miika Niemel\u00e4, Icehearts ry<\/h4>\n\n\n\n<h4>Tilaisuuden p\u00e4\u00e4t\u00f6s Puheenjohtaja Arja Tyynel\u00e4 Kuka kuuntelee k\u00f6yh\u00e4\u00e4? -verkosto<\/h4>\n\n\n\n<h4>Tilaisuus on kaikille avoin ja esteet\u00f6n.<br>Tilaan mahtuu noin 60 henkil\u00f6\u00e4. Tilaisuuteen voi osallistua et\u00e4yhteyden avulla. <\/h4>\n\n\n\n<h4>Kuka kuuntelee k\u00f6yh\u00e4\u00e4- verkosto, Herttoniemen seurakunta, Helsingin kaupunki, Suomen Icehearts ry, HOPE ry, Ruoka-apu.fi, Ty\u00f6tt\u00f6mien Keskusj\u00e4rjest\u00f6 ry<\/h4>\n\n\n\n<h4>Muutokset ohjelmassa mahdollisia.<\/h4>\n\n\n\n<h5>Tiedustelut: hankekoordinaattori Arja Tyynel\u00e4 p. 040 524 7537 arja.tyynela@3kverkosto.fi<\/h5>\n\n\n\n<p><\/p>\n\n\n\n<p><\/p>\n","protected":false},"excerpt":{"rendered":"<p>Kuunteleeko kuntap\u00e4\u00e4tt\u00e4j\u00e4 k\u00f6yh\u00e4\u00e4? Teemaviikon JATKOT Perjantaina 4.6.2021 kello 10-12 Kuunteleeko kuntap\u00e4\u00e4tt\u00e4j\u00e4 k\u00f6yhtyv\u00e4\u00e4 omaishoitajaa? Tervetuloa keskustelemaan omaishoitajien n\u00e4kemyksist\u00e4 kuntavaalien alla. Mukana keskustelussa omaishoitajia ja kuntavaaliehdokkaita. Liity kokoukseen napsauttamalla t\u00e4t\u00e4 J\u00e4rjest\u00e4j\u00e4t: Kuka kuuntelee k\u00f6yh\u00e4\u00e4? -verkosto yhdess\u00e4 Omaishoitajaliiton kanssa Tiedustelut: Arja Tyynel\u00e4 p.<span class=\"ellipsis\">&hellip;<\/span><\/p>\n<div class=\"read-more\"><a href=\"https:\/\/www.kukakuunteleekoyhaa.fi\/wordpress\/helsinki\/\">Lue lis\u00e4\u00e4 \u203a<\/a><\/div>\n<p><!-- end of .read-more --><\/p>\n","protected":false},"author":9,"featured_media":0,"parent":0,"menu_order":0,"comment_status":"closed","ping_status":"closed","template":"","meta":{"spay_email":""},"jetpack_shortlink":"https:\/\/wp.me\/P8vRYp-YM","_links":{"self":[{"href":"https:\/\/www.kukakuunteleekoyhaa.fi\/wordpress\/wp-json\/wp\/v2\/pages\/3768"}],"collection":[{"href":"https:\/\/www.kukakuunteleekoyhaa.fi\/wordpress\/wp-json\/wp\/v2\/pages"}],"about":[{"href":"https:\/\/www.kukakuunteleekoyhaa.fi\/wordpress\/wp-json\/wp\/v2\/types\/page"}],"author":[{"embeddable":true,"href":"https:\/\/www.kukakuunteleekoyhaa.fi\/wordpress\/wp-json\/wp\/v2\/users\/9"}],"replies":[{"embeddable":true,"href":"https:\/\/www.kukakuunteleekoyhaa.fi\/wordpress\/wp-json\/wp\/v2\/comments?post=3768"}],"version-history":[{"count":31,"href":"https:\/\/www.kukakuunteleekoyhaa.fi\/wordpress\/wp-json\/wp\/v2\/pages\/3768\/revisions"}],"predecessor-version":[{"id":4613,"href":"https:\/\/www.kukakuunteleekoyhaa.fi\/wordpress\/wp-json\/wp\/v2\/pages\/3768\/revisions\/4613"}],"wp:attachment":[{"href":"https:\/\/www.kukakuunteleekoyhaa.fi\/wordpress\/wp-json\/wp\/v2\/media?parent=3768"}],"curies":[{"name":"wp","href":"https:\/\/api.w.org\/{rel}","templated":true}]}}